{"id":6321,"date":"2021-06-24T18:22:05","date_gmt":"2021-06-24T16:22:05","guid":{"rendered":"https:\/\/www.cappellettieroleri.com\/notre-histoire\/"},"modified":"2021-06-24T18:22:06","modified_gmt":"2021-06-24T16:22:06","slug":"notre-histoire","status":"publish","type":"page","link":"https:\/\/www.cappellettieroleri.com\/fr\/notre-histoire\/","title":{"rendered":"Notre histoire"},"content":{"rendered":"\t\t<div data-elementor-type=\"wp-page\" data-elementor-id=\"6321\" class=\"elementor elementor-6321 elementor-1912\" data-elementor-settings=\"[]\">\n\t\t\t\t\t\t\t<div class=\"elementor-section-wrap\">\n\t\t\t\t\t\t\t<div class=\"wavo-column-gap-default elementor-section elementor-top-section elementor-element elementor-element-359ad8e nt-section section-padding elementor-section-content-middle elementor-section-boxed elementor-section-height-default elementor-section-height-default\" data-id=\"359ad8e\" data-element_type=\"section\" data-settings=\"{&quot;background_background&quot;:&quot;classic&quot;}\">\n\t\t\t\t\t\t<div class=\"elementor-container elementor-column-gap-default\">\n\t\t\t\t\t<div class=\"elementor-column elementor-col-100 elementor-top-column elementor-element elementor-element-f7c4fa3\" data-id=\"f7c4fa3\" data-element_type=\"column\">\n\t\t\t<div class=\"elementor-widget-wrap elementor-element-populated\">\n\t\t\t\t\t\t\t\t<section class=\"wavo-column-gap-default elementor-section elementor-inner-section elementor-element elementor-element-1d3127b elementor-section-boxed elementor-section-height-default elementor-section-height-default\" data-id=\"1d3127b\" data-element_type=\"section\">\n\t\t\t\t\t\t<div class=\"elementor-container elementor-column-gap-default\">\n\t\t\t\t\t<div class=\"elementor-column elementor-col-100 elementor-inner-column elementor-element elementor-element-6bf2d90\" data-id=\"6bf2d90\" data-element_type=\"column\">\n\t\t\t<div class=\"elementor-widget-wrap elementor-element-populated\">\n\t\t\t\t\t\t\t\t<div class=\"elementor-element elementor-element-3a41ba9 wavo-transform transform-type-translate elementor-invisible elementor-widget elementor-widget-heading\" data-id=\"3a41ba9\" data-element_type=\"widget\" data-settings=\"{&quot;_animation&quot;:&quot;fadeIn&quot;,&quot;_animation_delay&quot;:500}\" data-widget_type=\"heading.default\">\n\t\t\t\t<div class=\"elementor-widget-container\">\n\t\t\t<span class=\"elementor-heading-title elementor-size-default\">Notre histoire<\/span>\t\t<\/div>\n\t\t\t\t<\/div>\n\t\t\t\t<div class=\"elementor-element elementor-element-8fe4a1b wavo-transform transform-type-translate elementor-invisible elementor-widget elementor-widget-heading\" data-id=\"8fe4a1b\" data-element_type=\"widget\" data-settings=\"{&quot;_animation&quot;:&quot;fadeInUp&quot;,&quot;_animation_delay&quot;:800}\" data-widget_type=\"heading.default\">\n\t\t\t\t<div class=\"elementor-widget-container\">\n\t\t\t<h1 class=\"elementor-heading-title elementor-size-default\">Depuis 1976<br\/>Artisans du Verre <\/h1>\t\t<\/div>\n\t\t\t\t<\/div>\n\t\t\t\t\t<\/div>\n\t\t<\/div>\n\t\t\t\t\t\t\t<\/div>\n\t\t<\/section>\n\t\t\t\t<div class=\"wavo-column-gap-wide elementor-section elementor-inner-section elementor-element elementor-element-0d66b57 elementor-section-content-top elementor-section-boxed elementor-section-height-default elementor-section-height-default\" data-id=\"0d66b57\" data-element_type=\"section\">\n\t\t\t\t\t\t<div class=\"elementor-container elementor-column-gap-wide\">\n\t\t\t\t\t<div class=\"elementor-column elementor-col-50 elementor-inner-column elementor-element elementor-element-d3affea\" data-id=\"d3affea\" data-element_type=\"column\">\n\t\t\t<div class=\"elementor-widget-wrap elementor-element-populated\">\n\t\t\t\t\t\t\t\t<div class=\"elementor-element elementor-element-c5a4a43 elementor-widget elementor-widget-text-editor\" data-id=\"c5a4a43\" data-element_type=\"widget\" data-widget_type=\"text-editor.default\">\n\t\t\t\t<div class=\"elementor-widget-container\">\n\t\t\t\t\t\t\t\t<p>Tout a commenc\u00e9 le 1er octobre 1976 lorsque Giorgio Roleri et Carlo Cappelletti, tous deux ouvriers exp\u00e9riment\u00e9s dans l\u2019industrie du verre, d\u00e9cident de s\u2019associer et de fonder la verrerie Cappelletti &amp; Roleri s.r.l.<\/p>\n<p>C&rsquo;est mus par leur <strong>passion<\/strong> et par <strong>leurs valeurs communes<\/strong> que Giorgio et Carlo ont r\u00e9ussi \u00e0 se faire un nom parmi les grandes entreprises de la province de Plaisance et se sont orient\u00e9s de plus en plus au fil du temps vers le secteur de la construction. En 1987, la verrerie Cappelletti &amp; Roleri s.r.l., qui ne compte alors encore que huit employ\u00e9s, d\u00e9cide d&rsquo;augmenter sa capacit\u00e9 de production et installe <strong>la toute premi\u00e8re ligne de production de vitrage isolant dans la province de Plaisance<\/strong>.<\/p>\n\t\t\t\t\t\t<\/div>\n\t\t\t\t<\/div>\n\t\t\t\t\t<\/div>\n\t\t<\/div>\n\t\t\t\t<div class=\"elementor-column elementor-col-50 elementor-inner-column elementor-element elementor-element-414cc6a\" data-id=\"414cc6a\" data-element_type=\"column\">\n\t\t\t<div class=\"elementor-widget-wrap elementor-element-populated\">\n\t\t\t\t\t\t\t\t<div class=\"elementor-element elementor-element-cf3f109 elementor-widget elementor-widget-image\" data-id=\"cf3f109\" data-element_type=\"widget\" data-widget_type=\"image.default\">\n\t\t\t\t<div class=\"elementor-widget-container\">\n\t\t\t\t\t\t\t\t\t\t\t\t\t\t\t<img width=\"1000\" height=\"750\" src=\"https:\/\/www.cappellettieroleri.com\/wp-content\/uploads\/2021\/06\/cappelletti-e-roleri.jpg\" class=\"attachment-full size-full\" alt=\"\" loading=\"lazy\" srcset=\"https:\/\/www.cappellettieroleri.com\/wp-content\/uploads\/2021\/06\/cappelletti-e-roleri.jpg 1000w, https:\/\/www.cappellettieroleri.com\/wp-content\/uploads\/2021\/06\/cappelletti-e-roleri-300x225.jpg 300w, https:\/\/www.cappellettieroleri.com\/wp-content\/uploads\/2021\/06\/cappelletti-e-roleri-768x576.jpg 768w, https:\/\/www.cappellettieroleri.com\/wp-content\/uploads\/2021\/06\/cappelletti-e-roleri-500x375.jpg 500w\" sizes=\"(max-width: 1000px) 100vw, 1000px\" \/>\t\t\t\t\t\t\t\t\t\t\t\t\t\t\t<\/div>\n\t\t\t\t<\/div>\n\t\t\t\t\t<\/div>\n\t\t<\/div>\n\t\t\t\t\t\t\t<\/div>\n\t\t<\/div>\n\t\t\t\t<div class=\"wavo-column-gap-wide elementor-section elementor-inner-section elementor-element elementor-element-c8e3d88 elementor-section-content-top elementor-section-boxed elementor-section-height-default elementor-section-height-default\" data-id=\"c8e3d88\" data-element_type=\"section\">\n\t\t\t\t\t\t<div class=\"elementor-container elementor-column-gap-wide\">\n\t\t\t\t\t<div class=\"elementor-column elementor-col-100 elementor-inner-column elementor-element elementor-element-5cc438b\" data-id=\"5cc438b\" data-element_type=\"column\">\n\t\t\t<div class=\"elementor-widget-wrap elementor-element-populated\">\n\t\t\t\t\t\t\t\t<div class=\"elementor-element elementor-element-9960d81 elementor-widget elementor-widget-text-editor\" data-id=\"9960d81\" data-element_type=\"widget\" data-widget_type=\"text-editor.default\">\n\t\t\t\t<div class=\"elementor-widget-container\">\n\t\t\t\t\t\t\t\t<p>Arrive alors la nouvelle g\u00e9n\u00e9ration : Davide Cappelletti, Massimo Roleri et Claudio Roleri, qui int\u00e8grent l\u2019entreprise pour continuer de faire vivre la passion de leurs a\u00efeux et pour poursuivre l\u2019activit\u00e9 dans le secteur de la construction et au-del\u00e0. En effet, gr\u00e2ce \u00e0 l\u2019innovation, l\u2019utilisation du verre dans la r\u00e9alisation de fa\u00e7ades se popularise et, au cours des vingt derni\u00e8res ann\u00e9es, on voit se multiplier l&rsquo;apparition de constructions en verre et de surfaces vitr\u00e9es de plus en plus grandes.<\/p>\n<p>Les h\u00e9ritiers Cappelletti &amp; Roleri ont une bonne intuition lorsqu&rsquo;ils d\u00e9cident d\u2019investir dans de nouvelles machines pour diversifier les techniques de production, si bien qu\u2019il est n\u00e9cessaire d&rsquo;agrandir \u00e0 nouveau l\u2019usine et de d\u00e9m\u00e9nager l\u2019unit\u00e9 de production \u00e0 Settima, dans la province de Plaisance, o\u00f9 se trouve le si\u00e8ge actuel de la verrerie qui compte d\u00e9sormais 15 salari\u00e9s.<\/p>\n<p>En 2005, le label EUROTHERM fait son apparition. EUROTHERM garantit, via des tests et la d\u00e9livrance de certifications, que les vitrages sont produits conform\u00e9ment aux normes europ\u00e9ennes.<\/p>\n<p>En 2007, la verrerie Cappelletti &amp; Roleri, atteint son premier grand objectif en terme de certification avec l\u2019obtention du label UNI pour ses vitrages.<\/p>\n<p>En 2010, une toute nouvelle ligne de production moderne est install\u00e9e. Celle-ci rend possible la production de double vitrage d\u2019une dimension pouvant aller jusqu\u2019\u00e0 5 m\u00e8tres sur 2 m\u00e8tre 70 ainsi que de murs-rideaux; le tout dans le respect des normes UNI puisque ces produits sont soumis \u00e0 des tests continus avant, pendant et apr\u00e8s la production. Tests certifi\u00e9s DOWN CORNING et SCHUECO.<\/p>\n\t\t\t\t\t\t<\/div>\n\t\t\t\t<\/div>\n\t\t\t\t\t<\/div>\n\t\t<\/div>\n\t\t\t\t\t\t\t<\/div>\n\t\t<\/div>\n\t\t\t\t\t<\/div>\n\t\t<\/div>\n\t\t\t\t\t\t\t<\/div>\n\t\t<\/div>\n\t\t\t\t<div class=\"wavo-column-gap-default elementor-section elementor-top-section elementor-element elementor-element-ba12f72 nt-section section-padding elementor-section-content-middle elementor-section-boxed elementor-section-height-default elementor-section-height-default\" data-id=\"ba12f72\" data-element_type=\"section\" data-settings=\"{&quot;background_background&quot;:&quot;classic&quot;}\">\n\t\t\t\t\t\t<div class=\"elementor-container elementor-column-gap-default\">\n\t\t\t\t\t<div class=\"elementor-column elementor-col-100 elementor-top-column elementor-element elementor-element-02ddf11\" data-id=\"02ddf11\" data-element_type=\"column\">\n\t\t\t<div class=\"elementor-widget-wrap elementor-element-populated\">\n\t\t\t\t\t\t\t\t<section class=\"wavo-column-gap-default elementor-section elementor-inner-section elementor-element elementor-element-a715f83 elementor-section-boxed elementor-section-height-default elementor-section-height-default\" data-id=\"a715f83\" data-element_type=\"section\">\n\t\t\t\t\t\t<div class=\"elementor-container elementor-column-gap-default\">\n\t\t\t\t\t<div class=\"elementor-column elementor-col-100 elementor-inner-column elementor-element elementor-element-6ea02f9\" data-id=\"6ea02f9\" data-element_type=\"column\">\n\t\t\t<div class=\"elementor-widget-wrap elementor-element-populated\">\n\t\t\t\t\t\t\t\t<div class=\"elementor-element elementor-element-f49da62 wavo-transform transform-type-translate elementor-invisible elementor-widget elementor-widget-heading\" data-id=\"f49da62\" data-element_type=\"widget\" data-settings=\"{&quot;_animation&quot;:&quot;fadeInUp&quot;,&quot;_animation_delay&quot;:800}\" data-widget_type=\"heading.default\">\n\t\t\t\t<div class=\"elementor-widget-container\">\n\t\t\t<h2 class=\"elementor-heading-title elementor-size-default\">Un nouvel avenir<\/h2>\t\t<\/div>\n\t\t\t\t<\/div>\n\t\t\t\t\t<\/div>\n\t\t<\/div>\n\t\t\t\t\t\t\t<\/div>\n\t\t<\/section>\n\t\t\t\t<div class=\"wavo-column-gap-wide elementor-section elementor-inner-section elementor-element elementor-element-a81f21a elementor-section-content-top elementor-section-boxed elementor-section-height-default elementor-section-height-default\" data-id=\"a81f21a\" data-element_type=\"section\">\n\t\t\t\t\t\t<div class=\"elementor-container elementor-column-gap-wide\">\n\t\t\t\t\t<div class=\"elementor-column elementor-col-50 elementor-inner-column elementor-element elementor-element-ebe2b76\" data-id=\"ebe2b76\" data-element_type=\"column\">\n\t\t\t<div class=\"elementor-widget-wrap elementor-element-populated\">\n\t\t\t\t\t\t\t\t<div class=\"elementor-element elementor-element-32a7fce elementor-widget elementor-widget-text-editor\" data-id=\"32a7fce\" data-element_type=\"widget\" data-widget_type=\"text-editor.default\">\n\t\t\t\t<div class=\"elementor-widget-container\">\n\t\t\t\t\t\t\t\t<p>La verrerie Cappelletti &amp; Roleri s.r.l. a maintenant atteint un excellent seuil de production, ce qui lui a permis de cro\u00eetre tant au niveau national qu\u2019au niveau international, dans des pays comme la <strong>France<\/strong>, <strong>l\u2019Afrique du Sud, le Royaume-Uni, le Maroc<\/strong>, &#8230;<\/p>\n<p>En 2019, nous avons accueilli dans notre \u00e9quipe un nouveau partenaire provenant de la soci\u00e9t\u00e9 M.G.M. qui nous a permis de nous d\u00e9velopper davantage et de jeter des bases encore plus solides pour l&rsquo;avenir de notre entreprise.<\/p>\n<p>En f\u00e9vrier 2021, c\u2019est avec une immense fiert\u00e9 que nous vous annon\u00e7ons l\u2019obtention de la <strong>certification internationale<\/strong>, reconnue sur le march\u00e9 \u00e9tats-unien : l\u2019INSULATING GLASS IGCC CERTIFICATION COUNCIL \u2013 IGMA INSULATING GLASS MANUFATURERS ALLIANCE.<\/p>\n<p><strong>Aujourd\u2019hui, nous sommes pr\u00eats \u00e0 continuer de grandir, comme nos a\u00efeux n\u2019ont eux cesse de le faire depuis la cr\u00e9ation de l\u2019entreprise pour nous offrir un meilleur avenir.<\/strong><\/p>\n\t\t\t\t\t\t<\/div>\n\t\t\t\t<\/div>\n\t\t\t\t\t<\/div>\n\t\t<\/div>\n\t\t\t\t<div class=\"elementor-column elementor-col-50 elementor-inner-column elementor-element elementor-element-7f17454\" data-id=\"7f17454\" data-element_type=\"column\">\n\t\t\t<div class=\"elementor-widget-wrap elementor-element-populated\">\n\t\t\t\t\t\t\t\t<div class=\"elementor-element elementor-element-1032cef elementor-widget elementor-widget-image\" data-id=\"1032cef\" data-element_type=\"widget\" data-widget_type=\"image.default\">\n\t\t\t\t<div class=\"elementor-widget-container\">\n\t\t\t\t\t\t\t\t\t\t\t\t\t\t\t<img width=\"560\" height=\"721\" src=\"https:\/\/www.cappellettieroleri.com\/wp-content\/uploads\/2021\/06\/il-nuovo-domani.jpg\" class=\"attachment-large size-large\" alt=\"\" loading=\"lazy\" srcset=\"https:\/\/www.cappellettieroleri.com\/wp-content\/uploads\/2021\/06\/il-nuovo-domani.jpg 560w, https:\/\/www.cappellettieroleri.com\/wp-content\/uploads\/2021\/06\/il-nuovo-domani-233x300.jpg 233w, https:\/\/www.cappellettieroleri.com\/wp-content\/uploads\/2021\/06\/il-nuovo-domani-500x644.jpg 500w\" sizes=\"(max-width: 560px) 100vw, 560px\" \/>\t\t\t\t\t\t\t\t\t\t\t\t\t\t\t<\/div>\n\t\t\t\t<\/div>\n\t\t\t\t\t<\/div>\n\t\t<\/div>\n\t\t\t\t\t\t\t<\/div>\n\t\t<\/div>\n\t\t\t\t\t<\/div>\n\t\t<\/div>\n\t\t\t\t\t\t\t<\/div>\n\t\t<\/div>\n\t\t\t\t\t\t<\/div>\n\t\t\t\t\t<\/div>\n\t\t","protected":false},"excerpt":{"rendered":"<p>Notre histoire Depuis 1976Artisans du Verre Tout a commenc\u00e9 le 1er octobre 1976 lorsque Giorgio Roleri et Carlo Cappelletti, tous deux ouvriers exp\u00e9riment\u00e9s dans l\u2019industrie du verre, d\u00e9cident de s\u2019associer et de fonder la verrerie Cappelletti &amp; Roleri s.r.l. C&rsquo;est mus par leur passion et par leurs valeurs communes que Giorgio et Carlo ont r\u00e9ussi&#8230;<\/p>\n","protected":false},"author":1,"featured_media":0,"parent":0,"menu_order":0,"comment_status":"closed","ping_status":"closed","template":"wavo-elementor-page.php","meta":[],"_links":{"self":[{"href":"https:\/\/www.cappellettieroleri.com\/fr\/wp-json\/wp\/v2\/pages\/6321"}],"collection":[{"href":"https:\/\/www.cappellettieroleri.com\/fr\/wp-json\/wp\/v2\/pages"}],"about":[{"href":"https:\/\/www.cappellettieroleri.com\/fr\/wp-json\/wp\/v2\/types\/page"}],"author":[{"embeddable":true,"href":"https:\/\/www.cappellettieroleri.com\/fr\/wp-json\/wp\/v2\/users\/1"}],"replies":[{"embeddable":true,"href":"https:\/\/www.cappellettieroleri.com\/fr\/wp-json\/wp\/v2\/comments?post=6321"}],"version-history":[{"count":1,"href":"https:\/\/www.cappellettieroleri.com\/fr\/wp-json\/wp\/v2\/pages\/6321\/revisions"}],"predecessor-version":[{"id":6322,"href":"https:\/\/www.cappellettieroleri.com\/fr\/wp-json\/wp\/v2\/pages\/6321\/revisions\/6322"}],"wp:attachment":[{"href":"https:\/\/www.cappellettieroleri.com\/fr\/wp-json\/wp\/v2\/media?parent=6321"}],"curies":[{"name":"wp","href":"https:\/\/api.w.org\/{rel}","templated":true}]}}